{"id":439,"date":"2017-02-20T21:01:47","date_gmt":"2017-02-20T20:01:47","guid":{"rendered":"https:\/\/www.joannehadida.es\/?page_id=439"},"modified":"2025-04-15T17:56:10","modified_gmt":"2025-04-15T15:56:10","slug":"cv","status":"publish","type":"page","link":"https:\/\/www.joannehadida.es\/es\/cv\/","title":{"rendered":"CV"},"content":{"rendered":"\t\t<div data-elementor-type=\"wp-page\" data-elementor-id=\"439\" class=\"elementor elementor-439\" data-elementor-post-type=\"page\">\n\t\t\t\t<div class=\"elementor-element elementor-element-7a49ea6 e-flex e-con-boxed e-con e-parent\" data-id=\"7a49ea6\" data-element_type=\"container\">\n\t\t\t\t\t<div class=\"e-con-inner\">\n\t\t\t\t<div class=\"elementor-element elementor-element-4c49e49 elementor-widget elementor-widget-text-editor\" data-id=\"4c49e49\" data-element_type=\"widget\" data-widget_type=\"text-editor.default\">\n\t\t\t\t<div class=\"elementor-widget-container\">\n\t\t\t\t\t\t\t\t\t<h4><strong>Mi camino acad\u00e9mico y profesional<\/strong><\/h4>\t\t\t\t\t\t\t\t<\/div>\n\t\t\t\t<\/div>\n\t\t\t\t\t<\/div>\n\t\t\t\t<\/div>\n\t\t<div class=\"elementor-element elementor-element-e1fa698 e-grid e-con-boxed e-con e-parent\" data-id=\"e1fa698\" data-element_type=\"container\">\n\t\t\t\t\t<div class=\"e-con-inner\">\n\t\t\t\t<div class=\"elementor-element elementor-element-6f40bf1 elementor-widget elementor-widget-image\" data-id=\"6f40bf1\" data-element_type=\"widget\" data-widget_type=\"image.default\">\n\t\t\t\t<div class=\"elementor-widget-container\">\n\t\t\t\t\t\t\t\t\t\t\t\t\t\t\t<img fetchpriority=\"high\" decoding=\"async\" width=\"732\" height=\"1024\" src=\"https:\/\/www.joannehadida.es\/wp-content\/uploads\/2025\/03\/JoanneHadida1-732x1024.jpg\" class=\"attachment-large size-large wp-image-9112\" alt=\"\" srcset=\"https:\/\/www.joannehadida.es\/wp-content\/uploads\/2025\/03\/JoanneHadida1-732x1024.jpg 732w, https:\/\/www.joannehadida.es\/wp-content\/uploads\/2025\/03\/JoanneHadida1-214x300.jpg 214w, https:\/\/www.joannehadida.es\/wp-content\/uploads\/2025\/03\/JoanneHadida1-768x1075.jpg 768w, https:\/\/www.joannehadida.es\/wp-content\/uploads\/2025\/03\/JoanneHadida1-1098x1536.jpg 1098w, https:\/\/www.joannehadida.es\/wp-content\/uploads\/2025\/03\/JoanneHadida1-1463x2048.jpg 1463w, https:\/\/www.joannehadida.es\/wp-content\/uploads\/2025\/03\/JoanneHadida1-scaled.jpg 1829w\" sizes=\"(max-width: 732px) 100vw, 732px\" \/>\t\t\t\t\t\t\t\t\t\t\t\t\t\t\t<\/div>\n\t\t\t\t<\/div>\n\t\t\t\t<div class=\"elementor-element elementor-element-4c3df7e elementor-widget elementor-widget-text-editor\" data-id=\"4c3df7e\" data-element_type=\"widget\" data-widget_type=\"text-editor.default\">\n\t\t\t\t<div class=\"elementor-widget-container\">\n\t\t\t\t\t\t\t\t\t<h5><strong>Psic\u00f3loga cl\u00ednica<\/strong><\/h5>\nEvaluaci\u00f3n psicol\u00f3gica, psicoterapia individual, terapia de pareja, en varias instituciones:\n<ul>\n \t<li><strong>Hospital Quir\u00f3n Barcelona<\/strong>, Unidad de Psiquiatr\u00eda y Psicolog\u00eda Cl\u00ednica, 2008-2010<\/li>\n \t<li><strong>Instituto Europeo de Neurociencias<\/strong> (IDN), Unidad de hospitalizaci\u00f3n y servicios ambulatorios para adultos y adolescentes con diagn\u00f3stico psiqui\u00e1trico, 2008-2010<\/li>\n \t<li>Body Help, tratamiento de la ansiedad y el estr\u00e9s en pacientes con afecciones psicosom\u00e1ticas, desde 2002<\/li>\n \t<li><strong>Consulta particular<\/strong>, desde 2002<\/li>\n<\/ul>\n<h5><strong>Coach \/ Life coach<\/strong><\/h5>\nAcompa\u00f1amiento en las decisiones y las dificultades profesionales.\n<ul>\n \t<li>Acompa\u00f1amiento de personas en dificultad dentro de su entorno profesional debido a situaciones de estr\u00e9s por exceso de trabajo, de acoso o de conflictos diversos dentro de la organizaci\u00f3n.<\/li>\n \t<li>ICAS Spain, Programas de apoyo psicol\u00f3gico a directivos y empleados, Gesti\u00f3n de estr\u00e9s y situaciones de crisis, 2005-2011<\/li>\n \t<li>Training in Company (Nestl\u00e9, Dupont, Air Products&#8230;)<\/li>\n<\/ul>\n<h5><strong>Formaci\u00f3n<\/strong><\/h5>\n<ul>\n \t<li>Licenciatura en Psicolog\u00eda, <strong>Universidad de Barcelona<\/strong>, 1994<\/li>\n \t<li>Master in Business Administration MBA, <strong>ESADE<\/strong>, 1996<\/li>\n<\/ul>\n\t\t\t\t\t\t\t\t<\/div>\n\t\t\t\t<\/div>\n\t\t\t\t\t<\/div>\n\t\t\t\t<\/div>\n\t\t<div class=\"elementor-element elementor-element-1051eca e-con-full e-flex e-con e-parent\" data-id=\"1051eca\" data-element_type=\"container\" data-settings=\"{&quot;background_background&quot;:&quot;classic&quot;}\">\n\t\t\t\t<div class=\"elementor-element elementor-element-c957759 elementor-align-right elementor-invisible elementor-widget elementor-widget-button\" data-id=\"c957759\" data-element_type=\"widget\" data-settings=\"{&quot;sticky&quot;:&quot;bottom&quot;,&quot;_animation&quot;:&quot;slideInRight&quot;,&quot;sticky_on&quot;:[&quot;desktop&quot;,&quot;tablet&quot;,&quot;mobile&quot;],&quot;sticky_offset&quot;:0,&quot;sticky_effects_offset&quot;:0,&quot;sticky_anchor_link_offset&quot;:0}\" data-widget_type=\"button.default\">\n\t\t\t\t<div class=\"elementor-widget-container\">\n\t\t\t\t\t\t\t\t\t<div class=\"elementor-button-wrapper\">\n\t\t\t\t\t<a class=\"elementor-button elementor-button-link elementor-size-sm\" href=\"#TOP\">\n\t\t\t\t\t\t<span class=\"elementor-button-content-wrapper\">\n\t\t\t\t\t\t<span class=\"elementor-button-icon\">\n\t\t\t\t<i aria-hidden=\"true\" class=\"fas fa-chevron-up\"><\/i>\t\t\t<\/span>\n\t\t\t\t\t\t\t\t<\/span>\n\t\t\t\t\t<\/a>\n\t\t\t\t<\/div>\n\t\t\t\t\t\t\t\t<\/div>\n\t\t\t\t<\/div>\n\t\t\t\t<\/div>\n\t\t\t\t<\/div>\n\t\t","protected":false},"excerpt":{"rendered":"<p>Mi camino acad\u00e9mico y profesional Psic\u00f3loga cl\u00ednica Evaluaci\u00f3n psicol\u00f3gica, psicoterapia individual, terapia de pareja, en varias instituciones: Hospital Quir\u00f3n Barcelona, Unidad de Psiquiatr\u00eda y Psicolog\u00eda Cl\u00ednica, 2008-2010 Instituto Europeo de Neurociencias (IDN), Unidad de hospitalizaci\u00f3n y servicios ambulatorios para adultos y adolescentes con diagn\u00f3stico psiqui\u00e1trico, 2008-2010 Body Help, tratamiento de la ansiedad y el estr\u00e9s [&hellip;]<\/p>\n","protected":false},"author":3,"featured_media":0,"parent":0,"menu_order":0,"comment_status":"closed","ping_status":"closed","template":"","meta":{"site-sidebar-layout":"no-sidebar","site-content-layout":"","ast-site-content-layout":"full-width-container","site-content-style":"unboxed","site-sidebar-style":"unboxed","ast-global-header-display":"","ast-banner-title-visibility":"disabled","ast-main-header-display":"","ast-hfb-above-header-display":"","ast-hfb-below-header-display":"","ast-hfb-mobile-header-display":"","site-post-title":"disabled","ast-breadcrumbs-content":"","ast-featured-img":"disabled","footer-sml-layout":"","theme-transparent-header-meta":"disabled","adv-header-id-meta":"","stick-header-meta":"enabled","header-above-stick-meta":"","header-main-stick-meta":"on","header-below-stick-meta":"","astra-migrate-meta-layouts":"set","ast-page-background-enabled":"default","ast-page-background-meta":{"desktop":{"background-color":"","background-image":"","background-repeat":"repeat","background-position":"center center","background-size":"auto","background-attachment":"scroll","background-type":"","background-media":"","overlay-type":"","overlay-color":"","overlay-opacity":"","overlay-gradient":""},"tablet":{"background-color":"","background-image":"","background-repeat":"repeat","background-position":"center center","background-size":"auto","background-attachment":"scroll","background-type":"","background-media":"","overlay-type":"","overlay-color":"","overlay-opacity":"","overlay-gradient":""},"mobile":{"background-color":"","background-image":"","background-repeat":"repeat","background-position":"center center","background-size":"auto","background-attachment":"scroll","background-type":"","background-media":"","overlay-type":"","overlay-color":"","overlay-opacity":"","overlay-gradient":""}},"ast-content-background-meta":{"desktop":{"background-color":"var(--ast-global-color-5)","background-image":"","background-repeat":"repeat","background-position":"center center","background-size":"auto","background-attachment":"scroll","background-type":"","background-media":"","overlay-type":"","overlay-color":"","overlay-opacity":"","overlay-gradient":""},"tablet":{"background-color":"var(--ast-global-color-5)","background-image":"","background-repeat":"repeat","background-position":"center center","background-size":"auto","background-attachment":"scroll","background-type":"","background-media":"","overlay-type":"","overlay-color":"","overlay-opacity":"","overlay-gradient":""},"mobile":{"background-color":"var(--ast-global-color-5)","background-image":"","background-repeat":"repeat","background-position":"center center","background-size":"auto","background-attachment":"scroll","background-type":"","background-media":"","overlay-type":"","overlay-color":"","overlay-opacity":"","overlay-gradient":""}},"footnotes":""},"class_list":["post-439","page","type-page","status-publish","hentry"],"yoast_head":"<!-- This site is optimized with the Yoast SEO plugin v25.1 - https:\/\/yoast.com\/wordpress\/plugins\/seo\/ -->\n<title>CV. Curriculum Vitae. Qui suis-je? Qui\u00e9n soy? Who am I?<\/title>\n<meta name=\"description\" content=\"Curriculum Vitae. Qui suis-je? Qui\u00e9n soy? Who am I? Qui s\u00f3c?\" \/>\n<meta name=\"robots\" content=\"index, follow, max-snippet:-1, max-image-preview:large, max-video-preview:-1\" \/>\n<link rel=\"canonical\" href=\"https:\/\/www.joannehadida.es\/es\/cv\/\" \/>\n<meta property=\"og:locale\" content=\"es_ES\" \/>\n<meta property=\"og:type\" content=\"article\" \/>\n<meta property=\"og:title\" content=\"CV. Curriculum Vitae. Qui suis-je? Qui\u00e9n soy? Who am I?\" \/>\n<meta property=\"og:description\" content=\"Curriculum Vitae. Qui suis-je? Qui\u00e9n soy? Who am I? Qui s\u00f3c?\" \/>\n<meta property=\"og:url\" content=\"https:\/\/www.joannehadida.es\/es\/cv\/\" \/>\n<meta property=\"og:site_name\" content=\"Joanne Hadida\" \/>\n<meta property=\"article:modified_time\" content=\"2025-04-15T15:56:10+00:00\" \/>\n<meta property=\"og:image\" content=\"https:\/\/www.joannehadida.es\/wp-content\/uploads\/2025\/03\/JoanneHadida1-scaled.jpg\" \/>\n\t<meta property=\"og:image:width\" content=\"1829\" \/>\n\t<meta property=\"og:image:height\" content=\"2560\" \/>\n\t<meta property=\"og:image:type\" content=\"image\/jpeg\" \/>\n<meta name=\"twitter:card\" content=\"summary_large_image\" \/>\n<meta name=\"twitter:label1\" content=\"Tiempo de lectura\" \/>\n\t<meta name=\"twitter:data1\" content=\"4 minutos\" \/>\n<script type=\"application\/ld+json\" class=\"yoast-schema-graph\">{\"@context\":\"https:\/\/schema.org\",\"@graph\":[{\"@type\":\"WebPage\",\"@id\":\"https:\/\/www.joannehadida.es\/es\/cv\/\",\"url\":\"https:\/\/www.joannehadida.es\/es\/cv\/\",\"name\":\"CV. Curriculum Vitae. Qui suis-je? Qui\u00e9n soy? Who am I?\",\"isPartOf\":{\"@id\":\"https:\/\/www.joannehadida.es\/es\/#website\"},\"primaryImageOfPage\":{\"@id\":\"https:\/\/www.joannehadida.es\/es\/cv\/#primaryimage\"},\"image\":{\"@id\":\"https:\/\/www.joannehadida.es\/cv\/#primaryimage\"},\"thumbnailUrl\":\"https:\/\/www.joannehadida.es\/wp-content\/uploads\/2025\/03\/JoanneHadida1-732x1024.jpg\",\"datePublished\":\"2017-02-20T20:01:47+00:00\",\"dateModified\":\"2025-04-15T15:56:10+00:00\",\"description\":\"Curriculum Vitae. Qui suis-je? Qui\u00e9n soy? Who am I? Qui s\u00f3c?\",\"breadcrumb\":{\"@id\":\"https:\/\/www.joannehadida.es\/es\/cv\/#breadcrumb\"},\"inLanguage\":\"es\",\"potentialAction\":[{\"@type\":\"ReadAction\",\"target\":[[\"https:\/\/www.joannehadida.es\/es\/cv\/\"]]}]},{\"@type\":\"ImageObject\",\"inLanguage\":\"es\",\"@id\":\"https:\/\/www.joannehadida.es\/es\/cv\/#primaryimage\",\"url\":\"https:\/\/www.joannehadida.es\/wp-content\/uploads\/2025\/03\/JoanneHadida1-732x1024.jpg\",\"contentUrl\":\"https:\/\/www.joannehadida.es\/wp-content\/uploads\/2025\/03\/JoanneHadida1-732x1024.jpg\"},{\"@type\":\"BreadcrumbList\",\"@id\":\"https:\/\/www.joannehadida.es\/es\/cv\/#breadcrumb\",\"itemListElement\":[{\"@type\":\"ListItem\",\"position\":1,\"name\":\"Accueil\",\"item\":\"https:\/\/www.joannehadida.es\/es\/\"},{\"@type\":\"ListItem\",\"position\":2,\"name\":\"CV\"}]},{\"@type\":\"WebSite\",\"@id\":\"https:\/\/www.joannehadida.es\/es\/#website\",\"url\":\"https:\/\/www.joannehadida.es\/es\/\",\"name\":\"Joanne Hadida\",\"description\":\"Psic\u00f3loga en Barcelona\",\"potentialAction\":[{\"@type\":\"SearchAction\",\"target\":{\"@type\":\"EntryPoint\",\"urlTemplate\":\"https:\/\/www.joannehadida.es\/es\/?s={search_term_string}\"},\"query-input\":{\"@type\":\"PropertyValueSpecification\",\"valueRequired\":true,\"valueName\":\"search_term_string\"}}],\"inLanguage\":\"es\"}]}<\/script>\n<!-- \/ Yoast SEO plugin. -->","yoast_head_json":{"title":"CV. Curriculum Vitae. Qui suis-je? Qui\u00e9n soy? Who am I?","description":"Curriculum Vitae. Qui suis-je? Qui\u00e9n soy? Who am I? Qui s\u00f3c?","robots":{"index":"index","follow":"follow","max-snippet":"max-snippet:-1","max-image-preview":"max-image-preview:large","max-video-preview":"max-video-preview:-1"},"canonical":"https:\/\/www.joannehadida.es\/es\/cv\/","og_locale":"es_ES","og_type":"article","og_title":"CV. Curriculum Vitae. Qui suis-je? Qui\u00e9n soy? Who am I?","og_description":"Curriculum Vitae. Qui suis-je? Qui\u00e9n soy? Who am I? Qui s\u00f3c?","og_url":"https:\/\/www.joannehadida.es\/es\/cv\/","og_site_name":"Joanne Hadida","article_modified_time":"2025-04-15T15:56:10+00:00","og_image":[{"width":1829,"height":2560,"url":"https:\/\/www.joannehadida.es\/wp-content\/uploads\/2025\/03\/JoanneHadida1-scaled.jpg","type":"image\/jpeg"}],"twitter_card":"summary_large_image","twitter_misc":{"Tiempo de lectura":"4 minutos"},"schema":{"@context":"https:\/\/schema.org","@graph":[{"@type":"WebPage","@id":"https:\/\/www.joannehadida.es\/es\/cv\/","url":"https:\/\/www.joannehadida.es\/es\/cv\/","name":"CV. Curriculum Vitae. Qui suis-je? Qui\u00e9n soy? Who am I?","isPartOf":{"@id":"https:\/\/www.joannehadida.es\/es\/#website"},"primaryImageOfPage":{"@id":"https:\/\/www.joannehadida.es\/es\/cv\/#primaryimage"},"image":{"@id":"https:\/\/www.joannehadida.es\/cv\/#primaryimage"},"thumbnailUrl":"https:\/\/www.joannehadida.es\/wp-content\/uploads\/2025\/03\/JoanneHadida1-732x1024.jpg","datePublished":"2017-02-20T20:01:47+00:00","dateModified":"2025-04-15T15:56:10+00:00","description":"Curriculum Vitae. Qui suis-je? Qui\u00e9n soy? Who am I? Qui s\u00f3c?","breadcrumb":{"@id":"https:\/\/www.joannehadida.es\/es\/cv\/#breadcrumb"},"inLanguage":"es","potentialAction":[{"@type":"ReadAction","target":[["https:\/\/www.joannehadida.es\/es\/cv\/"]]}]},{"@type":"ImageObject","inLanguage":"es","@id":"https:\/\/www.joannehadida.es\/es\/cv\/#primaryimage","url":"https:\/\/www.joannehadida.es\/wp-content\/uploads\/2025\/03\/JoanneHadida1-732x1024.jpg","contentUrl":"https:\/\/www.joannehadida.es\/wp-content\/uploads\/2025\/03\/JoanneHadida1-732x1024.jpg"},{"@type":"BreadcrumbList","@id":"https:\/\/www.joannehadida.es\/es\/cv\/#breadcrumb","itemListElement":[{"@type":"ListItem","position":1,"name":"Accueil","item":"https:\/\/www.joannehadida.es\/es\/"},{"@type":"ListItem","position":2,"name":"CV"}]},{"@type":"WebSite","@id":"https:\/\/www.joannehadida.es\/es\/#website","url":"https:\/\/www.joannehadida.es\/es\/","name":"Joanne Hadida","description":"Psic\u00f3loga en Barcelona","potentialAction":[{"@type":"SearchAction","target":{"@type":"EntryPoint","urlTemplate":"https:\/\/www.joannehadida.es\/es\/?s={search_term_string}"},"query-input":{"@type":"PropertyValueSpecification","valueRequired":true,"valueName":"search_term_string"}}],"inLanguage":"es"}]}},"_links":{"self":[{"href":"https:\/\/www.joannehadida.es\/es\/wp-json\/wp\/v2\/pages\/439","targetHints":{"allow":["GET"]}}],"collection":[{"href":"https:\/\/www.joannehadida.es\/es\/wp-json\/wp\/v2\/pages"}],"about":[{"href":"https:\/\/www.joannehadida.es\/es\/wp-json\/wp\/v2\/types\/page"}],"author":[{"embeddable":true,"href":"https:\/\/www.joannehadida.es\/es\/wp-json\/wp\/v2\/users\/3"}],"replies":[{"embeddable":true,"href":"https:\/\/www.joannehadida.es\/es\/wp-json\/wp\/v2\/comments?post=439"}],"version-history":[{"count":285,"href":"https:\/\/www.joannehadida.es\/es\/wp-json\/wp\/v2\/pages\/439\/revisions"}],"predecessor-version":[{"id":9150,"href":"https:\/\/www.joannehadida.es\/es\/wp-json\/wp\/v2\/pages\/439\/revisions\/9150"}],"wp:attachment":[{"href":"https:\/\/www.joannehadida.es\/es\/wp-json\/wp\/v2\/media?parent=439"}],"curies":[{"name":"wp","href":"https:\/\/api.w.org\/{rel}","templated":true}]}}